{"id":1226,"date":"2017-02-03T09:38:41","date_gmt":"2017-02-03T09:38:41","guid":{"rendered":"http:\/\/www.guspirah.com\/?page_id=1226"},"modified":"2017-02-03T09:38:41","modified_gmt":"2017-02-03T09:38:41","slug":"avis-legal","status":"publish","type":"page","link":"https:\/\/www.guspirah.com\/index.php\/avis-legal\/","title":{"rendered":"Av\u00eds legal"},"content":{"rendered":"Amb la finalitat de complir amb la legalitat vigent i atorgar seguretat i confian\u00e7a a tots els seus usuaris, els informem, en virtut de la Llei 34\/2002 de Serveis de la Societat de la Informaci\u00f3 i de Comer\u00e7 Electr\u00f2nic, li informem que aquesta p\u00e0gina Web \u00e9s propietat de GUSPIRAH SERVEIS CREATIUS, S.L. amb CIF B6685013 i domicili a Barcelona, Avda. de la Font 38, B\u00fastia A34, Urb. Puigmontmany, 08758 de Cervell\u00f3 (Barcelona), i inscrita en el Registre Mercantil de Barcelona amb les seg\u00fcents dades: Tom 45560, Full 55, Fulla 491867, Inscripci\u00f3 1\u00aa.\r\n\r\nPer a qualsevol consulta o proposta, contacti&#8217;ns trucant al tel\u00e8fon (+34) 936 721 000 o (+34) 617 896 447a l\u2019e-mail info@guspirah.com\r\n\r\nAquesta p\u00e0gina Web es regeix per la normativa exclusivament aplicable a Espanya, quedant sotmesa a ella, tant nacionals com a estrangers que utilitzin aquesta Web.\r\n\r\nL&#8217;acc\u00e9s a la nostra p\u00e0gina Web per part de l&#8217;USUARI \u00e9s gratu\u00eft i est\u00e0 condicionat a la pr\u00e8via lectura i acceptaci\u00f3 integra, expressa i sense reserves de les presents CONDICIONS GENERALS D&#8217;\u00daS vigents al moment de l&#8217;acc\u00e9s, que preguem llegeixi detingudament. L&#8217;USUARI, en el moment en que utilitza el nostre portal, els seus continguts o serveis, accepta i se sotmet expressament a les condicions generals d&#8217;\u00fas del mateix. Si l&#8217;usuari no estigu\u00e9s d&#8217;acord amb les presents condicions d&#8217;\u00fas, haur\u00e0 d&#8217;abstenir-se d&#8217;utilitzar aquest portal i operar per mitj\u00e0 del mateix.\r\n\r\nEn qualsevol moment podrem modificar la presentaci\u00f3 i configuraci\u00f3 de la nostra Web, ampliar o reduir serveis, i fins i tot suprimir-la de la Xarxa, aix\u00ed com tamb\u00e9 els serveis i continguts prestats, tot aix\u00f2 de forma unilateral i sense previ av\u00eds.\r\n<h2>A. Propietat Intel\u00b7lectual<\/h2>\r\nTots els continguts, textos, imatges, marques i codis font s\u00f3n propietat nostra o de tercers als quals s&#8217;han adquirit els seus drets d&#8217;explotaci\u00f3, i estan protegits pels drets de Propietat Intel\u00b7lectual i Industrial.\r\n\r\nL&#8217;usuari \u00fanicament t\u00e9 dret a un \u00fas privat dels mateixos, sense \u00e0nim de lucre, i necessita autoritzaci\u00f3 expressa per modificar-los, reproduir-los, explotar-los, distribuir-los o exercir qualsevol dret pertanyent al seu titular.\r\n<h2>B. Condicions d&#8217;Acc\u00e9s<\/h2>\r\nL&#8217;acc\u00e9s a la nostra p\u00e0gina Web \u00e9s gratu\u00eft i no exigeix pr\u00e8via subscripci\u00f3 o registre.\r\n\r\nL&#8217;enviament de dades personals implica l&#8217;acceptaci\u00f3 expressa per part de l&#8217;USUARI de la nostra pol\u00edtica de privadesa.\r\n\r\nL&#8217;usuari ha d&#8217;accedir a la nostra p\u00e0gina Web conforme a la bona fe, les normes d&#8217;ordre p\u00fablic i a les presents Condicions Generals d&#8217;\u00fas. L&#8217;acc\u00e9s al nostre lloc web es realitza sota la pr\u00f2pia i exclusiva responsabilitat de l&#8217;usuari, que respondr\u00e0 en tot cas dels danys i perjudicis que pugui causar a tercers o a nosaltres mateixos.\r\n\r\nTenint en compte la impossibilitat de control respecte a la informaci\u00f3, continguts i serveis que continguin altres p\u00e0gines web a les quals es pugui accedir a trav\u00e9s dels enlla\u00e7os que la nostra p\u00e0gina web pugui posar a la seva disposici\u00f3, li comuniquem que quedem eximits de qualsevol responsabilitat pels danys i perjudicis de tota classe que poguessin derivar per la utilitzaci\u00f3 d&#8217;aquestes p\u00e0gines web, alienes a la nostra empresa, per part de l&#8217;usuari.\r\n<h2>C. Pol\u00edtica de Privadesa<\/h2>\r\nDe conformitat amb la Llei Org\u00e0nica 15\/1999 de Protecci\u00f3 de Dades de Car\u00e0cter Personal (LOPD), i Reial Decret 1720\/2007 de desenvolupament de la LOPD, li informem que la utilitzaci\u00f3 de determinats serveis a la nostra p\u00e0gina web pot requerir, en el seu cas, que ens faciliti determinats dades personals a trav\u00e9s de formularis de registre o mitjan\u00e7ant l&#8217;enviament de missatges de correu electr\u00f2nic amb la finalitat que ens sol\u00b7liciti qualsevol tipus d&#8217;informaci\u00f3, aclariment o dubte. En el cas de recepci\u00f3 de les seves dades personals o del seu curr\u00edculum vitae a trav\u00e9s del correu electr\u00f2nic, si no ens indica el contrari, li informem que les seves dades personals, laborals i curriculars s&#8217;incorporaran als nostres fitxers amb la finalitat de participar en els nostres processos de selecci\u00f3 de personal. Les seves dades seran objecte de tractament i incorporades als nostres fitxers, com a titulars i responsables de les mateixes. L&#8217;enviament referit de les dades personals constitueix el consentiment expr\u00e9s al tractament de les mateixes, si b\u00e9 de car\u00e0cter revocable i sense efectes retroactius.\r\n\r\nTots els nostres fitxers es troben legalment inscrits en el Registre General de Dades Personals de l&#8217;Ag\u00e8ncia Espanyola de Protecci\u00f3 de Dades, aix\u00ed com que per garantir la seguretat de les seves dades personals s&#8217;aplicaran les mesures de seguretat t\u00e8cniques i organitzatives exigides en el Reial Decret 1720\/2007 que regula el reglament de mesures de seguretat dels fitxers que continguin dades de car\u00e0cter personal.\r\n\r\nNo ens fem responsables de la pol\u00edtica de privadesa respecte a les dades personals que pugui facilitar a tercers per mitj\u00e0 dels enlla\u00e7os disponibles a la nostra p\u00e0gina web.\r\n\r\nDrets d&#8217;acc\u00e9s, rectificaci\u00f3, cancel\u00b7laci\u00f3 i oposici\u00f3 de les seves dades personals\r\n\r\nEn qualsevol momento, pot exercir els seus drets d&#8217;acc\u00e9s, rectificaci\u00f3, cancel\u00b7laci\u00f3 i oposici\u00f3, en els termes establerts legalment, dirigint-se a l&#8217;adre\u00e7a que figura en l&#8217;encap\u00e7alament.\r\n\r\nComunicacions de dades\r\n\r\nLi informem que les seves dades s\u00f3n tractades amb la m\u00e0xima confidencialitat i que s\u00f3n utilitzades exclusivament de manera interna i per a les finalitats indicades. De manera que no cedim ni comuniquem a cap tercer les seves dades, a excepci\u00f3 que l&#8217;usuari ens ho autoritzi expressament i en els casos legalment previstos.\r\n<h2>D. Responsabilitats<\/h2>\r\nEn posar a la disposici\u00f3 de l&#8217;usuari aquesta p\u00e0gina Web, volem oferir-li un servei de qualitat, utilitzant la m\u00e0xima dilig\u00e8ncia en la prestaci\u00f3 del mateix aix\u00ed com en els mitjans tecnol\u00f2gics utilitzats. No obstant aix\u00f2, no respondrem de la pres\u00e8ncia de virus i altres elements que d&#8217;alguna manera puguin danyar el sistema inform\u00e0tic de l&#8217;usuari.\r\n\r\nNo garantim que la disponibilitat del servei sigui cont\u00ednua i ininterrompuda.\r\n\r\nL&#8217;USUARI t\u00e9 prohibit qualsevol tipus d&#8217;acci\u00f3 sobre el nostre portal que origini una excessiva sobrec\u00e0rrega de funcionament als nostres sistemes inform\u00e0tics, aix\u00ed com la introducci\u00f3 de virus, o instal\u00b7laci\u00f3 de robots, o programari que alteri el normal funcionament de la nostra web, o en definitiva pugui causar danys als nostres sistemes inform\u00e0tics.\r\n\r\nL&#8217;USUARI assumeix tota la responsabilitat derivada de l&#8217;\u00fas de la nostra p\u00e0gina web.\r\n\r\nL&#8217;USUARI reconeix que ha ent\u00e8s tota la informaci\u00f3 respecte a les condicions d&#8217;\u00fas del nostre portal, i reconeix que s\u00f3n suficients per a l&#8217;exclusi\u00f3 de l&#8217;error en les mateixes, i per tant, les accepta integra i expressament.","protected":false},"excerpt":{"rendered":"Amb la finalitat de complir amb la legalitat vigent i atorgar seguretat i confian\u00e7a a tots els seus usuaris, els informem, en virtut de la <p class=\"readmore\"><a class=\"more-btn\" href=\"https:\/\/www.guspirah.com\/index.php\/avis-legal\/\">Continue reading <span class=\"meta-nav\">&#x2192;<\/span><\/a><\/p>","protected":false},"author":1,"featured_media":0,"parent":0,"menu_order":0,"comment_status":"closed","ping_status":"closed","template":"","meta":{"footnotes":""},"yoast_head":"<!-- This site is optimized with the Yoast SEO Premium plugin v22.0 (Yoast SEO v22.0) - https:\/\/yoast.com\/wordpress\/plugins\/seo\/ -->\n<title>Av\u00eds legal - Guspirah: Formaci\u00f3n y Comunicaci\u00f3n Creativa<\/title>\n<meta name=\"robots\" content=\"index, follow, max-snippet:-1, max-image-preview:large, max-video-preview:-1\" \/>\n<link rel=\"canonical\" href=\"https:\/\/www.guspirah.com\/index.php\/avis-legal\/\" \/>\n<meta property=\"og:locale\" content=\"ca_ES\" \/>\n<meta property=\"og:type\" content=\"article\" \/>\n<meta property=\"og:title\" content=\"Av\u00eds legal\" \/>\n<meta property=\"og:url\" content=\"https:\/\/www.guspirah.com\/index.php\/avis-legal\/\" \/>\n<meta property=\"og:site_name\" content=\"Guspirah: Formaci\u00f3n y Comunicaci\u00f3n Creativa\" \/>\n<meta property=\"article:publisher\" content=\"https:\/\/www.facebook.com\/guspirah\/\" \/>\n<meta name=\"twitter:card\" content=\"summary_large_image\" \/>\n<meta name=\"twitter:site\" content=\"@Guspirah_ComCre\" \/>\n<meta name=\"twitter:label1\" content=\"Temps estimat de lectura\" \/>\n\t<meta name=\"twitter:data1\" content=\"5 minuts\" \/>\n<script type=\"application\/ld+json\" class=\"yoast-schema-graph\">{\"@context\":\"https:\/\/schema.org\",\"@graph\":[{\"@type\":\"WebPage\",\"@id\":\"https:\/\/www.guspirah.com\/index.php\/avis-legal\/\",\"url\":\"https:\/\/www.guspirah.com\/index.php\/avis-legal\/\",\"name\":\"Av\u00eds legal - Guspirah: Formaci\u00f3n y Comunicaci\u00f3n Creativa\",\"isPartOf\":{\"@id\":\"https:\/\/www.guspirah.com\/es\/#website\"},\"datePublished\":\"2017-02-03T09:38:41+00:00\",\"dateModified\":\"2017-02-03T09:38:41+00:00\",\"breadcrumb\":{\"@id\":\"https:\/\/www.guspirah.com\/index.php\/avis-legal\/#breadcrumb\"},\"inLanguage\":\"ca\",\"potentialAction\":[{\"@type\":\"ReadAction\",\"target\":[\"https:\/\/www.guspirah.com\/index.php\/avis-legal\/\"]}]},{\"@type\":\"BreadcrumbList\",\"@id\":\"https:\/\/www.guspirah.com\/index.php\/avis-legal\/#breadcrumb\",\"itemListElement\":[{\"@type\":\"ListItem\",\"position\":1,\"name\":\"Inici\",\"item\":\"https:\/\/www.guspirah.com\/\"},{\"@type\":\"ListItem\",\"position\":2,\"name\":\"Av\u00eds legal\"}]},{\"@type\":\"WebSite\",\"@id\":\"https:\/\/www.guspirah.com\/es\/#website\",\"url\":\"https:\/\/www.guspirah.com\/es\/\",\"name\":\"Guspirah: Comunicaci\u00f3n Creativa y Formaci\u00f3n a Medida\",\"description\":\"Comunicaci\u00f3 creativa\",\"publisher\":{\"@id\":\"https:\/\/www.guspirah.com\/es\/#organization\"},\"potentialAction\":[{\"@type\":\"SearchAction\",\"target\":{\"@type\":\"EntryPoint\",\"urlTemplate\":\"https:\/\/www.guspirah.com\/es\/?s={search_term_string}\"},\"query-input\":\"required name=search_term_string\"}],\"inLanguage\":\"ca\"},{\"@type\":\"Organization\",\"@id\":\"https:\/\/www.guspirah.com\/es\/#organization\",\"name\":\"Guspirah\",\"url\":\"https:\/\/www.guspirah.com\/es\/\",\"logo\":{\"@type\":\"ImageObject\",\"inLanguage\":\"ca\",\"@id\":\"https:\/\/www.guspirah.com\/es\/#\/schema\/logo\/image\/\",\"url\":\"https:\/\/www.guspirah.com\/wp-content\/uploads\/2022\/06\/guspirah_logos-03.png\",\"contentUrl\":\"https:\/\/www.guspirah.com\/wp-content\/uploads\/2022\/06\/guspirah_logos-03.png\",\"width\":899,\"height\":858,\"caption\":\"Guspirah\"},\"image\":{\"@id\":\"https:\/\/www.guspirah.com\/es\/#\/schema\/logo\/image\/\"},\"sameAs\":[\"https:\/\/www.facebook.com\/guspirah\/\",\"https:\/\/twitter.com\/Guspirah_ComCre\",\"https:\/\/www.instagram.com\/Guspirah_Comunicacioh\/\"]}]}<\/script>\n<!-- \/ Yoast SEO Premium plugin. -->","yoast_head_json":{"title":"Av\u00eds legal - Guspirah: Formaci\u00f3n y Comunicaci\u00f3n Creativa","robots":{"index":"index","follow":"follow","max-snippet":"max-snippet:-1","max-image-preview":"max-image-preview:large","max-video-preview":"max-video-preview:-1"},"canonical":"https:\/\/www.guspirah.com\/index.php\/avis-legal\/","og_locale":"ca_ES","og_type":"article","og_title":"Av\u00eds legal","og_url":"https:\/\/www.guspirah.com\/index.php\/avis-legal\/","og_site_name":"Guspirah: Formaci\u00f3n y Comunicaci\u00f3n Creativa","article_publisher":"https:\/\/www.facebook.com\/guspirah\/","twitter_card":"summary_large_image","twitter_site":"@Guspirah_ComCre","twitter_misc":{"Temps estimat de lectura":"5 minuts"},"schema":{"@context":"https:\/\/schema.org","@graph":[{"@type":"WebPage","@id":"https:\/\/www.guspirah.com\/index.php\/avis-legal\/","url":"https:\/\/www.guspirah.com\/index.php\/avis-legal\/","name":"Av\u00eds legal - Guspirah: Formaci\u00f3n y Comunicaci\u00f3n Creativa","isPartOf":{"@id":"https:\/\/www.guspirah.com\/es\/#website"},"datePublished":"2017-02-03T09:38:41+00:00","dateModified":"2017-02-03T09:38:41+00:00","breadcrumb":{"@id":"https:\/\/www.guspirah.com\/index.php\/avis-legal\/#breadcrumb"},"inLanguage":"ca","potentialAction":[{"@type":"ReadAction","target":["https:\/\/www.guspirah.com\/index.php\/avis-legal\/"]}]},{"@type":"BreadcrumbList","@id":"https:\/\/www.guspirah.com\/index.php\/avis-legal\/#breadcrumb","itemListElement":[{"@type":"ListItem","position":1,"name":"Inici","item":"https:\/\/www.guspirah.com\/"},{"@type":"ListItem","position":2,"name":"Av\u00eds legal"}]},{"@type":"WebSite","@id":"https:\/\/www.guspirah.com\/es\/#website","url":"https:\/\/www.guspirah.com\/es\/","name":"Guspirah: Comunicaci\u00f3n Creativa y Formaci\u00f3n a Medida","description":"Comunicaci\u00f3 creativa","publisher":{"@id":"https:\/\/www.guspirah.com\/es\/#organization"},"potentialAction":[{"@type":"SearchAction","target":{"@type":"EntryPoint","urlTemplate":"https:\/\/www.guspirah.com\/es\/?s={search_term_string}"},"query-input":"required name=search_term_string"}],"inLanguage":"ca"},{"@type":"Organization","@id":"https:\/\/www.guspirah.com\/es\/#organization","name":"Guspirah","url":"https:\/\/www.guspirah.com\/es\/","logo":{"@type":"ImageObject","inLanguage":"ca","@id":"https:\/\/www.guspirah.com\/es\/#\/schema\/logo\/image\/","url":"https:\/\/www.guspirah.com\/wp-content\/uploads\/2022\/06\/guspirah_logos-03.png","contentUrl":"https:\/\/www.guspirah.com\/wp-content\/uploads\/2022\/06\/guspirah_logos-03.png","width":899,"height":858,"caption":"Guspirah"},"image":{"@id":"https:\/\/www.guspirah.com\/es\/#\/schema\/logo\/image\/"},"sameAs":["https:\/\/www.facebook.com\/guspirah\/","https:\/\/twitter.com\/Guspirah_ComCre","https:\/\/www.instagram.com\/Guspirah_Comunicacioh\/"]}]}},"_links":{"self":[{"href":"https:\/\/www.guspirah.com\/index.php\/wp-json\/wp\/v2\/pages\/1226"}],"collection":[{"href":"https:\/\/www.guspirah.com\/index.php\/wp-json\/wp\/v2\/pages"}],"about":[{"href":"https:\/\/www.guspirah.com\/index.php\/wp-json\/wp\/v2\/types\/page"}],"author":[{"embeddable":true,"href":"https:\/\/www.guspirah.com\/index.php\/wp-json\/wp\/v2\/users\/1"}],"replies":[{"embeddable":true,"href":"https:\/\/www.guspirah.com\/index.php\/wp-json\/wp\/v2\/comments?post=1226"}],"version-history":[{"count":2,"href":"https:\/\/www.guspirah.com\/index.php\/wp-json\/wp\/v2\/pages\/1226\/revisions"}],"predecessor-version":[{"id":1228,"href":"https:\/\/www.guspirah.com\/index.php\/wp-json\/wp\/v2\/pages\/1226\/revisions\/1228"}],"wp:attachment":[{"href":"https:\/\/www.guspirah.com\/index.php\/wp-json\/wp\/v2\/media?parent=1226"}],"curies":[{"name":"wp","href":"https:\/\/api.w.org\/{rel}","templated":true}]}}